{"id":64,"date":"2020-04-27T12:14:52","date_gmt":"2020-04-27T10:14:52","guid":{"rendered":"https:\/\/colibricole.fr\/charente\/?page_id=64"},"modified":"2023-05-24T15:48:16","modified_gmt":"2023-05-24T13:48:16","slug":"accueil-v2","status":"publish","type":"page","link":"https:\/\/colibricole.fr\/fr\/","title":{"rendered":"Accueil"},"content":{"rendered":"<p>[et_pb_section fb_built=\u00a0\u00bb1&Prime; next_background_color=\u00a0\u00bb#ffffff\u00a0\u00bb _builder_version=\u00a0\u00bb4.4.1&Prime; background_enable_color=\u00a0\u00bboff\u00a0\u00bb background_image=\u00a0\u00bbhttps:\/\/colibricole.fr\/fr\/wp-content\/uploads\/2020\/04\/light-bulb-4379275_1280.jpg\u00a0\u00bb parallax=\u00a0\u00bbon\u00a0\u00bb custom_padding=\u00a0\u00bb||102px|||\u00a0\u00bb top_divider_color=\u00a0\u00bbrgba(0,0,0,0)\u00a0\u00bb bottom_divider_style=\u00a0\u00bbarrow2&Prime; bottom_divider_height=\u00a0\u00bb46px\u00a0\u00bb hover_enabled=\u00a0\u00bb0&Prime;][et_pb_row _builder_version=\u00a0\u00bb4.4.1&Prime; custom_padding=\u00a0\u00bb61px|||||\u00a0\u00bb][et_pb_column type=\u00a0\u00bb4_4&Prime; _builder_version=\u00a0\u00bb4.4.1&Prime;][et_pb_text disabled_on=\u00a0\u00bboff|off|on\u00a0\u00bb _builder_version=\u00a0\u00bb4.5.1&Prime; header_font=\u00a0\u00bbOswald||||||||\u00a0\u00bb header_text_align=\u00a0\u00bbleft\u00a0\u00bb header_text_color=\u00a0\u00bb#ffffff\u00a0\u00bb header_font_size=\u00a0\u00bb56px\u00a0\u00bb header_letter_spacing=\u00a0\u00bb4px\u00a0\u00bb custom_margin=\u00a0\u00bb||-2px|||\u00a0\u00bb custom_padding=\u00a0\u00bb30px||||false|false\u00a0\u00bb header_text_shadow_style=\u00a0\u00bbpreset1&Prime;]<\/p>\n<h1 style=\"text-align: center;\">Colibricole<\/h1>\n<p>[\/et_pb_text][et_pb_text disabled_on=\u00a0\u00bbon|on|off\u00a0\u00bb _builder_version=\u00a0\u00bb4.4.1&Prime; header_font=\u00a0\u00bbOswald||||||||\u00a0\u00bb header_text_align=\u00a0\u00bbleft\u00a0\u00bb header_text_color=\u00a0\u00bb#ffffff\u00a0\u00bb header_font_size=\u00a0\u00bb100px\u00a0\u00bb header_letter_spacing=\u00a0\u00bb5px\u00a0\u00bb custom_margin=\u00a0\u00bb||-2px|||\u00a0\u00bb custom_padding=\u00a0\u00bb30px||||false|false\u00a0\u00bb header_text_shadow_style=\u00a0\u00bbpreset1&Prime;]<\/p>\n<h1 style=\"text-align: center;\">Colibricole<\/h1>\n<p>[\/et_pb_text][et_pb_text _builder_version=\u00a0\u00bb4.5.1&Prime; text_font=\u00a0\u00bbRoboto||||||||\u00a0\u00bb text_text_color=\u00a0\u00bb#ffffff\u00a0\u00bb text_letter_spacing=\u00a0\u00bb1px\u00a0\u00bb custom_padding=\u00a0\u00bb11px||3px|||\u00a0\u00bb]<\/p>\n<p style=\"text-align: center;\">Situ\u00e9e \u00e0 Arrens-Marsous, j&rsquo;interviens dans les Hautes-Pyr\u00e9n\u00e9es<\/p>\n<p>[\/et_pb_text][\/et_pb_column][\/et_pb_row][et_pb_row column_structure=\u00a0\u00bb1_3,2_3&Prime; _builder_version=\u00a0\u00bb4.4.1&Prime; custom_padding=\u00a0\u00bb24px|||||\u00a0\u00bb][et_pb_column type=\u00a0\u00bb1_3&Prime; _builder_version=\u00a0\u00bb4.4.1&Prime;][\/et_pb_column][et_pb_column type=\u00a0\u00bb2_3&Prime; _builder_version=\u00a0\u00bb4.4.1&Prime;][et_pb_text _builder_version=\u00a0\u00bb4.5.1&Prime; text_font=\u00a0\u00bbRoboto Condensed||||||||\u00a0\u00bb text_text_color=\u00a0\u00bb#565656&Prime; text_font_size=\u00a0\u00bb25px\u00a0\u00bb text_letter_spacing=\u00a0\u00bb3px\u00a0\u00bb text_line_height=\u00a0\u00bb1.6em\u00a0\u00bb background_color=\u00a0\u00bb#ffffff\u00a0\u00bb text_orientation=\u00a0\u00bbcenter\u00a0\u00bb custom_margin=\u00a0\u00bb0px||||false|false\u00a0\u00bb custom_padding=\u00a0\u00bb30px|30px|30px|30px|false|false\u00a0\u00bb animation_style=\u00a0\u00bbfade\u00a0\u00bb animation_delay=\u00a0\u00bb100ms\u00a0\u00bb border_width_all=\u00a0\u00bb1px\u00a0\u00bb border_style_all=\u00a0\u00bbnone\u00a0\u00bb box_shadow_style=\u00a0\u00bbpreset1&Prime;]<\/p>\n<p>Sensibilisation aux<strong> gestes \u00e9cologiques, \u00e0 l&rsquo;environnement et au recyclage\u00a0<\/strong>\u00e0 travers des <strong>interventions<\/strong> \u00e0 domicile et des <strong>ateliers<\/strong>\u00a0dans les <strong>Hautes-Pyr\u00e9n\u00e9es<\/strong>.<\/p>\n<p>[\/et_pb_text][\/et_pb_column][\/et_pb_row][\/et_pb_section][et_pb_section fb_built=\u00a0\u00bb1&Prime; _builder_version=\u00a0\u00bb4.4.1&Prime; custom_padding=\u00a0\u00bb||35px|||\u00a0\u00bb][et_pb_row column_structure=\u00a0\u00bb1_3,2_3&Prime; _builder_version=\u00a0\u00bb4.4.1&Prime;][et_pb_column type=\u00a0\u00bb1_3&Prime; _builder_version=\u00a0\u00bb4.4.1&Prime;][et_pb_image src=\u00a0\u00bbhttps:\/\/colibricole.fr\/fr\/wp-content\/uploads\/2020\/04\/hummingbird-3780771_1280.png\u00a0\u00bb _builder_version=\u00a0\u00bb4.4.1&Prime; animation_style=\u00a0\u00bbfade\u00a0\u00bb scroll_vertical_motion_enable=\u00a0\u00bbon\u00a0\u00bb box_shadow_style=\u00a0\u00bbpreset6&Prime; box_shadow_blur=\u00a0\u00bb17px\u00a0\u00bb box_shadow_spread=\u00a0\u00bb1px\u00a0\u00bb box_shadow_color=\u00a0\u00bb#ffffff\u00a0\u00bb][\/et_pb_image][\/et_pb_column][et_pb_column type=\u00a0\u00bb2_3&Prime; _builder_version=\u00a0\u00bb4.4.1&Prime;][et_pb_text _builder_version=\u00a0\u00bb4.4.1&Prime; header_font=\u00a0\u00bbOswald||||||||\u00a0\u00bb header_font_size=\u00a0\u00bb40px\u00a0\u00bb]<\/p>\n<h1>Le but de Colibricole<\/h1>\n<p>[\/et_pb_text][et_pb_text _builder_version=\u00a0\u00bb4.4.1&Prime; text_orientation=\u00a0\u00bbjustified\u00a0\u00bb]<\/p>\n<p>\u2022 Aider \u00e0 faire prendre conscience de nos modes de consommation et de leurs limites,<br \/> \u2022 S&rsquo;interroger sur nos r\u00e9els besoins et donner du sens \u00e0 nos actes\u00a0: \u00eatre plut\u00f4t qu\u2019avoir,<br \/> \u2022 Aller vers une sobri\u00e9t\u00e9 heureuse et une \u00ab\u00a0d\u00e9consommation\u00a0\u00bb,<br \/> \u2022 Se reconnecter \u00e0 la nature et prot\u00e9ger la plan\u00e8te en r\u00e9duisant notre empreinte \u00e9cologique,<br \/> \u2022 D\u00e9velopper sa cr\u00e9ativit\u00e9 en recyclant et en faisant soi-m\u00eame,<br \/> \u2022 Prendre soin de soi et des autres.<\/p>\n<p>[\/et_pb_text][et_pb_text _builder_version=\u00a0\u00bb4.4.1&Prime; header_font=\u00a0\u00bbOswald||||||||\u00a0\u00bb header_font_size=\u00a0\u00bb40px\u00a0\u00bb]<\/p>\n<h1>Les Prestations<\/h1>\n<p>[\/et_pb_text][et_pb_text _builder_version=\u00a0\u00bb4.5.1&Prime; text_font_size=\u00a0\u00bb15px\u00a0\u00bb text_line_height=\u00a0\u00bb1.9em\u00a0\u00bb background_color=\u00a0\u00bbrgba(216,216,216,0.31)\u00a0\u00bb custom_padding=\u00a0\u00bb20px|20px|20px|30px|false|false\u00a0\u00bb border_color_all=\u00a0\u00bbrgba(124,218,36,0.6)\u00a0\u00bb border_width_right=\u00a0\u00bb1px\u00a0\u00bb border_width_bottom=\u00a0\u00bb1px\u00a0\u00bb box_shadow_style=\u00a0\u00bbpreset2&Prime;]<\/p>\n<p>\u2022 Le <strong>d\u00e9veloppement des gestes \u00e9cologiques<\/strong> (gestion des d\u00e9chets, des \u00e9nergies, des ressources, des transports&#8230;),<br \/> \u2022 Vers une <strong>alimentation saine et responsable<\/strong>,<br \/> \u2022 Le <strong>fait soi-m\u00eame<\/strong> (produits m\u00e9nagers, cosm\u00e9tiques, mobilier \u00e0 partir de mat\u00e9riaux de r\u00e9cup\u00e9ration&#8230;),<br \/> \u2022 Le <strong>recyclage<\/strong>.<\/p>\n<p style=\"text-align: center;\"><strong><a href=\"https:\/\/colibricole.fr\/fr\/services\/\">En savoir plus &gt;&gt;<\/a><\/strong><\/p>\n<p>[\/et_pb_text][\/et_pb_column][\/et_pb_row][\/et_pb_section][et_pb_section fb_built=\u00a0\u00bb1&Prime; prev_background_color=\u00a0\u00bb#ffffff\u00a0\u00bb next_background_color=\u00a0\u00bb#ffffff\u00a0\u00bb _builder_version=\u00a0\u00bb4.4.1&Prime; background_color=\u00a0\u00bb#f4f4f4&Prime; custom_padding=\u00a0\u00bb||18px|||\u00a0\u00bb top_divider_style=\u00a0\u00bbasymmetric2&Prime; top_divider_height=\u00a0\u00bb20px\u00a0\u00bb bottom_divider_style=\u00a0\u00bbramp2&Prime; bottom_divider_height=\u00a0\u00bb57px\u00a0\u00bb][et_pb_row column_structure=\u00a0\u00bb1_2,1_2&Prime; _builder_version=\u00a0\u00bb4.4.1&Prime; custom_padding=\u00a0\u00bb||7px|||\u00a0\u00bb][et_pb_column type=\u00a0\u00bb1_2&Prime; _builder_version=\u00a0\u00bb4.4.1&Prime;][et_pb_text _builder_version=\u00a0\u00bb4.4.1&Prime; header_font=\u00a0\u00bbOswald||||||||\u00a0\u00bb]<\/p>\n<h1>\u2022 Un contexte plan\u00e9taire<\/h1>\n<p>&nbsp;<\/p>\n<p>Le changement climatique bouleverse en profondeur les \u00e9cosyst\u00e8mes sauvages et cultiv\u00e9s.<\/p>\n<p>Les \u00e9v\u00e8nements climatiques extr\u00eames augmentent en fr\u00e9quence et en intensit\u00e9, faisant peser des risques consid\u00e9rables sur notre terre nourrici\u00e8re.<br \/>\nLa crise sanitaire que nous traversons est une alerte et la survenue possible d&rsquo;une crise \u00e9conomique et alimentaire de grande ampleur est un risque \u00e0 consid\u00e9rer s\u00e9rieusement.<\/p>\n<p>Le syst\u00e8me consum\u00e9risme que la soci\u00e9t\u00e9 d&rsquo;aujourd&rsquo;hui nous impose ne peut plus durer.[\/et_pb_text][\/et_pb_column][et_pb_column type=\u00a0\u00bb1_2&Prime; _builder_version=\u00a0\u00bb4.4.1&Prime;][et_pb_image src=\u00a0\u00bbhttps:\/\/colibricole.fr\/fr\/wp-content\/uploads\/2020\/04\/environmental-protection-326923_1280.jpg\u00a0\u00bb _builder_version=\u00a0\u00bb4.4.1&Prime; animation_style=\u00a0\u00bbfade\u00a0\u00bb scroll_vertical_motion=\u00a0\u00bb0|41|41|100|1|0|-3&Prime; box_shadow_style=\u00a0\u00bbpreset1&Prime;][\/et_pb_image][\/et_pb_column][\/et_pb_row][\/et_pb_section][et_pb_section fb_built=\u00a0\u00bb1&Prime; _builder_version=\u00a0\u00bb4.4.1&Prime; background_enable_color=\u00a0\u00bboff\u00a0\u00bb custom_padding=\u00a0\u00bb||0px|||\u00a0\u00bb][et_pb_row column_structure=\u00a0\u00bb1_2,1_2&Prime; _builder_version=\u00a0\u00bb4.4.1&Prime; custom_padding=\u00a0\u00bb||62px|||\u00a0\u00bb][et_pb_column type=\u00a0\u00bb1_2&Prime; _builder_version=\u00a0\u00bb4.4.1&Prime;][et_pb_image src=\u00a0\u00bbhttps:\/\/colibricole.fr\/fr\/wp-content\/uploads\/2020\/04\/water-lily-2536194_640.jpg\u00a0\u00bb _builder_version=\u00a0\u00bb4.4.1&Prime; animation_style=\u00a0\u00bbfade\u00a0\u00bb scroll_vertical_motion=\u00a0\u00bb0|41|41|100|1|0|-3&Prime; box_shadow_style=\u00a0\u00bbpreset1&Prime;][\/et_pb_image][\/et_pb_column][et_pb_column type=\u00a0\u00bb1_2&Prime; _builder_version=\u00a0\u00bb4.4.1&Prime;][et_pb_text _builder_version=\u00a0\u00bb4.4.1&Prime; header_font=\u00a0\u00bbOswald||||||||\u00a0\u00bb custom_padding=\u00a0\u00bb29px|||||\u00a0\u00bb]<\/p>\n<h1>\u2022 Un cheminement personnel\u00a0<\/h1>\n<p><span style=\"font-size: 14px;\"><\/span><\/p>\n<p><span style=\"font-size: 14px;\">Des rencontres et des voyages m\u2019ont fait prendre conscience des exc\u00e8s de nos modes de vie ultra consum\u00e9riste, du g\u00e2chis ambiant, de l\u2019\u00e9norme production de d\u00e9chets et des risques pour notre sant\u00e9 et notre plan\u00e8te.<\/span><\/p>\n<p>COLIBRICOLE, c\u2019est mon modeste projet, ma participation pour pr\u00e9server la plan\u00e8te.<\/p>\n<p>[\/et_pb_text][\/et_pb_column][\/et_pb_row][\/et_pb_section][et_pb_section fb_built=\u00a0\u00bb1&Prime; prev_background_color=\u00a0\u00bb#ffffff\u00a0\u00bb _builder_version=\u00a0\u00bb4.4.1&Prime; background_image=\u00a0\u00bbhttps:\/\/colibricole.fr\/fr\/wp-content\/uploads\/2020\/04\/light-bulb-4379275_1280.jpg\u00a0\u00bb parallax=\u00a0\u00bbon\u00a0\u00bb top_divider_style=\u00a0\u00bbclouds2&Prime; top_divider_height=\u00a0\u00bb73px\u00a0\u00bb][et_pb_row _builder_version=\u00a0\u00bb4.4.1&Prime; custom_padding=\u00a0\u00bb107px|||||\u00a0\u00bb][et_pb_column type=\u00a0\u00bb4_4&Prime; _builder_version=\u00a0\u00bb4.4.1&Prime;][et_pb_text _builder_version=\u00a0\u00bb4.4.1&Prime; text_font=\u00a0\u00bbBellefair||||||||\u00a0\u00bb text_text_color=\u00a0\u00bb#ffffff\u00a0\u00bb text_font_size=\u00a0\u00bb57px\u00a0\u00bb text_line_height=\u00a0\u00bb1.3em\u00a0\u00bb text_orientation=\u00a0\u00bbcenter\u00a0\u00bb text_text_shadow_style=\u00a0\u00bbpreset1&Prime;]<\/p>\n<p>\u00ab\u00a0Nous n\u2019h\u00e9ritons pas de la terre de nos anc\u00eatres, nous l\u2019empruntons \u00e0 nos enfants\u00a0\u00bb<\/p>\n<p>[\/et_pb_text][et_pb_text _builder_version=\u00a0\u00bb4.4.1&Prime; text_font=\u00a0\u00bbBellefair||||||||\u00a0\u00bb text_text_color=\u00a0\u00bb#ffffff\u00a0\u00bb text_font_size=\u00a0\u00bb30px\u00a0\u00bb text_line_height=\u00a0\u00bb1.3em\u00a0\u00bb text_orientation=\u00a0\u00bbcenter\u00a0\u00bb text_text_shadow_style=\u00a0\u00bbpreset1&Prime;]<\/p>\n<p><em>Antoine de Saint Exup\u00e9ry<\/em><\/p>\n<p>[\/et_pb_text][\/et_pb_column][\/et_pb_row][\/et_pb_section]<\/p>\n","protected":false},"excerpt":{"rendered":"<p>[et_pb_section fb_built=\u00a0\u00bb1&Prime; next_background_color=\u00a0\u00bb#ffffff\u00a0\u00bb _builder_version=\u00a0\u00bb4.4.1&Prime; background_enable_color=\u00a0\u00bboff\u00a0\u00bb background_image=\u00a0\u00bbhttps:\/\/colibricole.fr\/fr\/wp-content\/uploads\/2020\/04\/light-bulb-4379275_1280.jpg\u00a0\u00bb parallax=\u00a0\u00bbon\u00a0\u00bb custom_padding=\u00a0\u00bb||102px|||\u00a0\u00bb top_divider_color=\u00a0\u00bbrgba(0,0,0,0)\u00a0\u00bb bottom_divider_style=\u00a0\u00bbarrow2&Prime; bottom_divider_height=\u00a0\u00bb46px\u00a0\u00bb hover_enabled=\u00a0\u00bb0&Prime;][et_pb_row _builder_version=\u00a0\u00bb4.4.1&Prime; custom_padding=\u00a0\u00bb61px|||||\u00a0\u00bb][et_pb_column type=\u00a0\u00bb4_4&Prime; _builder_version=\u00a0\u00bb4.4.1&Prime;][et_pb_text disabled_on=\u00a0\u00bboff|off|on\u00a0\u00bb _builder_version=\u00a0\u00bb4.5.1&Prime; header_font=\u00a0\u00bbOswald||||||||\u00a0\u00bb header_text_align=\u00a0\u00bbleft\u00a0\u00bb header_text_color=\u00a0\u00bb#ffffff\u00a0\u00bb header_font_size=\u00a0\u00bb56px\u00a0\u00bb header_letter_spacing=\u00a0\u00bb4px\u00a0\u00bb custom_margin=\u00a0\u00bb||-2px|||\u00a0\u00bb custom_padding=\u00a0\u00bb30px||||false|false\u00a0\u00bb header_text_shadow_style=\u00a0\u00bbpreset1&Prime;] Colibricole [\/et_pb_text][et_pb_text disabled_on=\u00a0\u00bbon|on|off\u00a0\u00bb _builder_version=\u00a0\u00bb4.4.1&Prime; header_font=\u00a0\u00bbOswald||||||||\u00a0\u00bb header_text_align=\u00a0\u00bbleft\u00a0\u00bb header_text_color=\u00a0\u00bb#ffffff\u00a0\u00bb header_font_size=\u00a0\u00bb100px\u00a0\u00bb header_letter_spacing=\u00a0\u00bb5px\u00a0\u00bb custom_margin=\u00a0\u00bb||-2px|||\u00a0\u00bb custom_padding=\u00a0\u00bb30px||||false|false\u00a0\u00bb header_text_shadow_style=\u00a0\u00bbpreset1&Prime;] Colibricole [\/et_pb_text][et_pb_text _builder_version=\u00a0\u00bb4.5.1&Prime; text_font=\u00a0\u00bbRoboto||||||||\u00a0\u00bb text_text_color=\u00a0\u00bb#ffffff\u00a0\u00bb text_letter_spacing=\u00a0\u00bb1px\u00a0\u00bb custom_padding=\u00a0\u00bb11px||3px|||\u00a0\u00bb] Situ\u00e9e \u00e0 Arrens-Marsous, j&rsquo;interviens dans les Hautes-Pyr\u00e9n\u00e9es [\/et_pb_text][\/et_pb_column][\/et_pb_row][et_pb_row column_structure=\u00a0\u00bb1_3,2_3&Prime; _builder_version=\u00a0\u00bb4.4.1&Prime; [&hellip;]<\/p>\n","protected":false},"author":1,"featured_media":0,"parent":0,"menu_order":0,"comment_status":"closed","ping_status":"closed","template":"","meta":{"_et_pb_use_builder":"on","_et_pb_old_content":"","_et_gb_content_width":"","footnotes":""},"class_list":["post-64","page","type-page","status-publish","hentry"],"yoast_head":"<!-- This site is optimized with the Yoast SEO plugin v19.10 - https:\/\/yoast.com\/wordpress\/plugins\/seo\/ -->\n<title>Sensibilisation aux gestes \u00e9cologiques, environnement Hautes-Pyr\u00e9n\u00e9es<\/title>\n<meta name=\"description\" content=\"Atelier et animation \u00e0 la Sensibilisation aux gestes \u00e9cologiques, \u00e0 l\u2019environnement et au recyclage dans les Hautes-Pyr\u00e9n\u00e9es\" \/>\n<meta name=\"robots\" content=\"index, follow, max-snippet:-1, max-image-preview:large, max-video-preview:-1\" \/>\n<link rel=\"canonical\" href=\"https:\/\/colibricole.fr\/fr\/\" \/>\n<meta property=\"og:locale\" content=\"fr_FR\" \/>\n<meta property=\"og:type\" content=\"article\" \/>\n<meta property=\"og:title\" content=\"Sensibilisation aux gestes \u00e9cologiques, environnement Hautes-Pyr\u00e9n\u00e9es\" \/>\n<meta property=\"og:description\" content=\"Atelier et animation \u00e0 la Sensibilisation aux gestes \u00e9cologiques, \u00e0 l\u2019environnement et au recyclage dans les Hautes-Pyr\u00e9n\u00e9es\" \/>\n<meta property=\"og:url\" content=\"https:\/\/colibricole.fr\/fr\/\" \/>\n<meta property=\"og:site_name\" content=\"Colibricole\" \/>\n<meta property=\"article:modified_time\" content=\"2023-05-24T13:48:16+00:00\" \/>\n<meta name=\"twitter:card\" content=\"summary_large_image\" \/>\n<meta name=\"twitter:label1\" content=\"Dur\u00e9e de lecture estim\u00e9e\" \/>\n\t<meta name=\"twitter:data1\" content=\"5 minutes\" \/>\n<script type=\"application\/ld+json\" class=\"yoast-schema-graph\">{\"@context\":\"https:\/\/schema.org\",\"@graph\":[{\"@type\":\"WebPage\",\"@id\":\"https:\/\/colibricole.fr\/fr\/\",\"url\":\"https:\/\/colibricole.fr\/fr\/\",\"name\":\"Sensibilisation aux gestes \u00e9cologiques, environnement Hautes-Pyr\u00e9n\u00e9es\",\"isPartOf\":{\"@id\":\"https:\/\/colibricole.fr\/fr\/#website\"},\"datePublished\":\"2020-04-27T10:14:52+00:00\",\"dateModified\":\"2023-05-24T13:48:16+00:00\",\"description\":\"Atelier et animation \u00e0 la Sensibilisation aux gestes \u00e9cologiques, \u00e0 l\u2019environnement et au recyclage dans les Hautes-Pyr\u00e9n\u00e9es\",\"breadcrumb\":{\"@id\":\"https:\/\/colibricole.fr\/fr\/#breadcrumb\"},\"inLanguage\":\"fr-FR\",\"potentialAction\":[{\"@type\":\"ReadAction\",\"target\":[\"https:\/\/colibricole.fr\/fr\/\"]}]},{\"@type\":\"BreadcrumbList\",\"@id\":\"https:\/\/colibricole.fr\/fr\/#breadcrumb\",\"itemListElement\":[{\"@type\":\"ListItem\",\"position\":1,\"name\":\"Home\",\"item\":\"https:\/\/colibricole.fr\/fr\/\"},{\"@type\":\"ListItem\",\"position\":2,\"name\":\"Accueil\"}]},{\"@type\":\"WebSite\",\"@id\":\"https:\/\/colibricole.fr\/fr\/#website\",\"url\":\"https:\/\/colibricole.fr\/fr\/\",\"name\":\"Colibricole\",\"description\":\"Sensibiliser aux gestes \u00e9cologiques et Accompagner leur mise en \u0153uvre\",\"potentialAction\":[{\"@type\":\"SearchAction\",\"target\":{\"@type\":\"EntryPoint\",\"urlTemplate\":\"https:\/\/colibricole.fr\/fr\/?s={search_term_string}\"},\"query-input\":\"required name=search_term_string\"}],\"inLanguage\":\"fr-FR\"}]}<\/script>\n<!-- \/ Yoast SEO plugin. -->","yoast_head_json":{"title":"Sensibilisation aux gestes \u00e9cologiques, environnement Hautes-Pyr\u00e9n\u00e9es","description":"Atelier et animation \u00e0 la Sensibilisation aux gestes \u00e9cologiques, \u00e0 l\u2019environnement et au recyclage dans les Hautes-Pyr\u00e9n\u00e9es","robots":{"index":"index","follow":"follow","max-snippet":"max-snippet:-1","max-image-preview":"max-image-preview:large","max-video-preview":"max-video-preview:-1"},"canonical":"https:\/\/colibricole.fr\/fr\/","og_locale":"fr_FR","og_type":"article","og_title":"Sensibilisation aux gestes \u00e9cologiques, environnement Hautes-Pyr\u00e9n\u00e9es","og_description":"Atelier et animation \u00e0 la Sensibilisation aux gestes \u00e9cologiques, \u00e0 l\u2019environnement et au recyclage dans les Hautes-Pyr\u00e9n\u00e9es","og_url":"https:\/\/colibricole.fr\/fr\/","og_site_name":"Colibricole","article_modified_time":"2023-05-24T13:48:16+00:00","twitter_card":"summary_large_image","twitter_misc":{"Dur\u00e9e de lecture estim\u00e9e":"5 minutes"},"schema":{"@context":"https:\/\/schema.org","@graph":[{"@type":"WebPage","@id":"https:\/\/colibricole.fr\/fr\/","url":"https:\/\/colibricole.fr\/fr\/","name":"Sensibilisation aux gestes \u00e9cologiques, environnement Hautes-Pyr\u00e9n\u00e9es","isPartOf":{"@id":"https:\/\/colibricole.fr\/fr\/#website"},"datePublished":"2020-04-27T10:14:52+00:00","dateModified":"2023-05-24T13:48:16+00:00","description":"Atelier et animation \u00e0 la Sensibilisation aux gestes \u00e9cologiques, \u00e0 l\u2019environnement et au recyclage dans les Hautes-Pyr\u00e9n\u00e9es","breadcrumb":{"@id":"https:\/\/colibricole.fr\/fr\/#breadcrumb"},"inLanguage":"fr-FR","potentialAction":[{"@type":"ReadAction","target":["https:\/\/colibricole.fr\/fr\/"]}]},{"@type":"BreadcrumbList","@id":"https:\/\/colibricole.fr\/fr\/#breadcrumb","itemListElement":[{"@type":"ListItem","position":1,"name":"Home","item":"https:\/\/colibricole.fr\/fr\/"},{"@type":"ListItem","position":2,"name":"Accueil"}]},{"@type":"WebSite","@id":"https:\/\/colibricole.fr\/fr\/#website","url":"https:\/\/colibricole.fr\/fr\/","name":"Colibricole","description":"Sensibiliser aux gestes \u00e9cologiques et Accompagner leur mise en \u0153uvre","potentialAction":[{"@type":"SearchAction","target":{"@type":"EntryPoint","urlTemplate":"https:\/\/colibricole.fr\/fr\/?s={search_term_string}"},"query-input":"required name=search_term_string"}],"inLanguage":"fr-FR"}]}},"_links":{"self":[{"href":"https:\/\/colibricole.fr\/fr\/wp-json\/wp\/v2\/pages\/64","targetHints":{"allow":["GET"]}}],"collection":[{"href":"https:\/\/colibricole.fr\/fr\/wp-json\/wp\/v2\/pages"}],"about":[{"href":"https:\/\/colibricole.fr\/fr\/wp-json\/wp\/v2\/types\/page"}],"author":[{"embeddable":true,"href":"https:\/\/colibricole.fr\/fr\/wp-json\/wp\/v2\/users\/1"}],"replies":[{"embeddable":true,"href":"https:\/\/colibricole.fr\/fr\/wp-json\/wp\/v2\/comments?post=64"}],"version-history":[{"count":5,"href":"https:\/\/colibricole.fr\/fr\/wp-json\/wp\/v2\/pages\/64\/revisions"}],"predecessor-version":[{"id":351,"href":"https:\/\/colibricole.fr\/fr\/wp-json\/wp\/v2\/pages\/64\/revisions\/351"}],"wp:attachment":[{"href":"https:\/\/colibricole.fr\/fr\/wp-json\/wp\/v2\/media?parent=64"}],"curies":[{"name":"wp","href":"https:\/\/api.w.org\/{rel}","templated":true}]}}